{"id":217,"date":"2020-09-06T20:58:34","date_gmt":"2020-09-06T18:58:34","guid":{"rendered":"https:\/\/marika-rizzi.com\/?page_id=217"},"modified":"2023-11-19T17:11:25","modified_gmt":"2023-11-19T16:11:25","slug":"parcours","status":"publish","type":"page","link":"https:\/\/marika-rizzi.com\/index.php\/parcours\/","title":{"rendered":"PARCOURS"},"content":{"rendered":"<p>[et_pb_section fb_built=\u00a0\u00bb1&Prime; _builder_version=\u00a0\u00bb4.16&Prime; custom_margin=\u00a0\u00bb|0px||0px|false|false\u00a0\u00bb custom_padding=\u00a0\u00bb|0px||0px|false|false\u00a0\u00bb global_colors_info=\u00a0\u00bb{}\u00a0\u00bb][et_pb_row column_structure=\u00a0\u00bb1_4,1_2,1_4&Prime; use_custom_gutter=\u00a0\u00bbon\u00a0\u00bb make_equal=\u00a0\u00bbon\u00a0\u00bb _builder_version=\u00a0\u00bb4.16&Prime; background_size=\u00a0\u00bbinitial\u00a0\u00bb background_position=\u00a0\u00bbtop_left\u00a0\u00bb background_repeat=\u00a0\u00bbrepeat\u00a0\u00bb width=\u00a0\u00bb100%\u00a0\u00bb module_alignment=\u00a0\u00bbcenter\u00a0\u00bb custom_margin=\u00a0\u00bb||||false|false\u00a0\u00bb custom_padding=\u00a0\u00bb||||false|false\u00a0\u00bb global_colors_info=\u00a0\u00bb{}\u00a0\u00bb][et_pb_column type=\u00a0\u00bb1_4&Prime; _builder_version=\u00a0\u00bb4.16&Prime; custom_padding=\u00a0\u00bb|||\u00a0\u00bb global_colors_info=\u00a0\u00bb{}\u00a0\u00bb custom_padding__hover=\u00a0\u00bb|||\u00a0\u00bb][\/et_pb_column][et_pb_column type=\u00a0\u00bb1_2&Prime; _builder_version=\u00a0\u00bb4.16&Prime; custom_padding=\u00a0\u00bb|||\u00a0\u00bb global_colors_info=\u00a0\u00bb{}\u00a0\u00bb custom_padding__hover=\u00a0\u00bb|||\u00a0\u00bb][et_pb_divider color=\u00a0\u00bb#c4c2c2&Prime; _builder_version=\u00a0\u00bb4.16&Prime; _module_preset=\u00a0\u00bbdefault\u00a0\u00bb global_colors_info=\u00a0\u00bb{}\u00a0\u00bb][\/et_pb_divider][et_pb_text admin_label=\u00a0\u00bbTITRE\u00a0\u00bb _builder_version=\u00a0\u00bb4.16&Prime; text_font=\u00a0\u00bbAbel||||||||\u00a0\u00bb header_font=\u00a0\u00bbMontserrat|600||on|||||\u00a0\u00bb header_text_align=\u00a0\u00bbleft\u00a0\u00bb header_text_color=\u00a0\u00bb#545454&Prime; header_font_size=\u00a0\u00bb38px\u00a0\u00bb header_2_font=\u00a0\u00bbAbel||||||||\u00a0\u00bb header_2_text_align=\u00a0\u00bbleft\u00a0\u00bb header_2_text_color=\u00a0\u00bb#444444&Prime; header_2_font_size=\u00a0\u00bb21px\u00a0\u00bb header_3_font=\u00a0\u00bbAbel||||||||\u00a0\u00bb header_3_text_align=\u00a0\u00bbleft\u00a0\u00bb header_3_text_color=\u00a0\u00bb#444444&Prime; header_3_font_size=\u00a0\u00bb17px\u00a0\u00bb background_size=\u00a0\u00bbinitial\u00a0\u00bb background_position=\u00a0\u00bbtop_left\u00a0\u00bb background_repeat=\u00a0\u00bbrepeat\u00a0\u00bb text_orientation=\u00a0\u00bbcenter\u00a0\u00bb custom_margin=\u00a0\u00bb||8px||false|false\u00a0\u00bb custom_padding=\u00a0\u00bb|||50px|false|false\u00a0\u00bb global_colors_info=\u00a0\u00bb{}\u00a0\u00bb]<\/p>\n<h1>PARCOURS<\/h1>\n<p>[\/et_pb_text][et_pb_divider color=\u00a0\u00bb#c4c2c2&Prime; divider_position=\u00a0\u00bbcenter\u00a0\u00bb _builder_version=\u00a0\u00bb4.16&Prime; _module_preset=\u00a0\u00bbdefault\u00a0\u00bb global_colors_info=\u00a0\u00bb{}\u00a0\u00bb][\/et_pb_divider][et_pb_text admin_label=\u00a0\u00bbIntro. perso\u00a0\u00bb _builder_version=\u00a0\u00bb4.23.1&Prime; text_font=\u00a0\u00bbAbel||||||||\u00a0\u00bb header_font=\u00a0\u00bbAbel|700||on|||||\u00a0\u00bb header_text_align=\u00a0\u00bbleft\u00a0\u00bb header_text_color=\u00a0\u00bb#444444&Prime; header_font_size=\u00a0\u00bb20px\u00a0\u00bb header_2_font=\u00a0\u00bbAbel||||||||\u00a0\u00bb header_2_text_align=\u00a0\u00bbleft\u00a0\u00bb header_2_text_color=\u00a0\u00bb#444444&Prime; header_2_font_size=\u00a0\u00bb21px\u00a0\u00bb header_3_font=\u00a0\u00bbAbel||||||||\u00a0\u00bb header_3_text_align=\u00a0\u00bbleft\u00a0\u00bb header_3_text_color=\u00a0\u00bb#444444&Prime; header_3_font_size=\u00a0\u00bb17px\u00a0\u00bb background_size=\u00a0\u00bbinitial\u00a0\u00bb background_position=\u00a0\u00bbtop_left\u00a0\u00bb background_repeat=\u00a0\u00bbrepeat\u00a0\u00bb text_orientation=\u00a0\u00bbjustified\u00a0\u00bb custom_margin=\u00a0\u00bb5px||8px||false|false\u00a0\u00bb custom_padding=\u00a0\u00bb|50px||50px|false|false\u00a0\u00bb locked=\u00a0\u00bboff\u00a0\u00bb global_colors_info=\u00a0\u00bb{}\u00a0\u00bb]<\/p>\n<p>Une biographie raconte des choses de fa\u00e7on organis\u00e9e, dans un ordre lin\u00e9aire et factuel, or, le terme \u00ab\u00a0factuel\u00a0\u00bb me fait r\u00e9agir instantan\u00e9ment, bailler plus exactement. Quelque chose chez moi r\u00e9siste \u00e0 la mise \u00e0 plat de l&rsquo;exp\u00e9rience, \u00e0 voire d\u00e9filer le v\u00e9cu comme s&rsquo;il s&rsquo;agissait d&rsquo;une liste de courses. Puis j\u2019ai du mal avec les rat\u00e9s que je ne vois pas appara\u00eetre dans cette dr\u00f4le de liste. Mon parcours s\u2019est construit \u00e0 travers et gr\u00e2ce aux rencontres que j\u2019ai pu faire, ceux hasardeux et ceux que j\u2019ai provoqu\u00e9s, guid\u00e9e par ma curiosit\u00e9 plut\u00f4t infatigable. La chance y met toujours du sien aussi (ou pas du tout) mais ma boussole a suivi ces deux facteurs : l\u2019humain et le d\u00e9sir d\u2019en savoir plus sur quelque chose. C\u2019est cela que le curriculum-vitae qui suit ne dit pas, toute la profondeur du v\u00e9cu, d&rsquo;une rencontre, la richesse que l\u2019\u00abautre\u00bb a pu avoir \u00e0 mes yeux. Il se trouve que j\u2019adore parler des personnes qui ont \u00e9t\u00e9 importantes pour moi, pour chacune d\u2019entre elles j\u2019ai le r\u00e9cit int\u00e9rieur du tissage qui me lie \u00e0 elles, j\u2019imagine un peu comme tout le monde. En tout cas &#8230; Robert Pomper a \u00e9t\u00e9 le premier danseur et artiste que j\u2019ai rencontr\u00e9, il \u00e9tait fran\u00e7ais install\u00e9 \u00e0 Milan et avait fait carri\u00e8re surtout en Isra\u00ebl au moment o\u00f9 la Batsheva Dance Company avait int\u00e9gr\u00e9 le r\u00e9pertoire de Martha Graham. La premi\u00e8re fois que je l\u2019ai vu il portait un chapeau en paille et fumait sa cigarette, il \u00e9tait assis un peu en hauteur, les jambes ballantes et rigolait avec des gens. Quelque chose d&rsquo;intriguant \u00e9manait de sa figure. Son regard \u00e9tait particulier du fait que ses yeux \u00e9taient plut\u00f4t \u00e9cart\u00e9s, cela lui \u00e9largissait tout le visage et traduisait bien l\u2019ouverture de son esprit, de sa pens\u00e9e, de sa fa\u00e7on d\u2019\u00eatre. Il y avait quelque chose d\u2019insaisissable chez lui, qui \u00e9chappait \u00e0 toute volont\u00e9 d\u2019emprise, insaisissable aussi pour lui-m\u00eame. C\u2019\u00e9tait un professeur incroyable parce que c\u2019\u00e9tait l\u2019artiste qui enseignait. Il cr\u00e9ait tout le temps, le suivre dans la danse c\u2019\u00e9tait \u00e9gale \u00e0 surfer des vagues. Sa versatilit\u00e9 et sa fantaisie dans le mouvement, que j&rsquo;ai retrouv\u00e9 par la suite chez Felix Ruckert, ont \u00e9t\u00e9 de grands ma\u00eetres pour moi, j\u2019ai toujours pens\u00e9 que c\u2019\u00e9tait gr\u00e2ce lui que mon corps avait absorb\u00e9 un certain sens du mouvement, un d\u00e9sir d\u2019\u00e9lan et l\u2019app\u00e9tit d&rsquo;investir l\u2019espace. Sa d\u00e9marche \u00e9tait similaire, on aurait dit qu\u2019elle partait dans plusieurs direction simultan\u00e9ment, voil\u00e0 Robert c\u2019\u00e9tait \u00e7a, un homme \u00e0 la chevelure indisciplin\u00e9e qui aimait les gens et la vie et pour qui maintenir un seul cap \u00e9tait bien trop r\u00e9ducteur. Il a continu\u00e9 \u00e0 m\u2019intimider malgr\u00e9 l&rsquo;amiti\u00e9 que nous avions li\u00e9 avec le temps. J\u2019arrivais \u00e0 Milan peu avant ce geste fou, inconscient, d\u00e9sesp\u00e9r\u00e9, tragique qui lui a fit enjamber la fen\u00eatre de son appartement et y perdre l\u2019\u00e9quilibre \u00e0 jamais. Pourquoi parler de lui ? D&rsquo;abord parce que c&rsquo;est lui qui est apparu pendant que j&rsquo;\u00e9crivais (merci Robert pour vibrer toujours quelque part dans ma kin\u00e9sph\u00e8re !), puis parce que je pense que c\u2019est la personne qui a ouvert les fronti\u00e8res \u00e0 ma danse, comme \u00e0 bien d&rsquo;autres parmi ses \u00e9l\u00e8ves, il lui a offert la dimension et la projection n\u00e9cessaire \u00e0 son envol. Il disait que ma fa\u00e7on de bouger d\u00e9gageait quelque chose de tr\u00e8s sympathique, j&rsquo;avais aim\u00e9 ce compliment parce que d\u00e9pourvu de s\u00e9duction, je pouvais donc y croire. Ce sont des personnes comme Robert, inspirantes et passionn\u00e9es par leur recherche qui ont jalonn\u00e9 mon chemin, \u00e7a n&rsquo;a \u00e9t\u00e9 que \u00e7a, suivre les d\u00e9rives de ma curiosit\u00e9 et de ma fascination pour le mouvement. Cela explique le sch\u00e9ma en arborescence de mon trajet, touchant aux diverses aspects et sph\u00e8res du geste dans\u00e9, sans m\u2019adonner \u00e0 une seule dimension et dont l\u2019\u00e9criture est la derni\u00e8re.<br \/>\u00ab Sois plus curieux qu\u2019ambitieux \u00bb cette phrase que Steve Paxton sugg\u00e8re aux praticien.nes du contact improvisation comme ligne directrice de leur danse r\u00e9sonne en moi et quelque part me rassure aussi.<\/p>\n<p>[\/et_pb_text][et_pb_divider color=\u00a0\u00bb#c4c2c2&Prime; divider_position=\u00a0\u00bbcenter\u00a0\u00bb _builder_version=\u00a0\u00bb4.16&Prime; _module_preset=\u00a0\u00bbdefault\u00a0\u00bb locked=\u00a0\u00bboff\u00a0\u00bb global_colors_info=\u00a0\u00bb{}\u00a0\u00bb][\/et_pb_divider][et_pb_text admin_label=\u00a0\u00bbBIO\u00a0\u00bb _builder_version=\u00a0\u00bb4.16&Prime; text_font=\u00a0\u00bbAbel||||||||\u00a0\u00bb header_font=\u00a0\u00bbAbel|700||on|||||\u00a0\u00bb header_text_align=\u00a0\u00bbleft\u00a0\u00bb header_text_color=\u00a0\u00bb#444444&Prime; header_font_size=\u00a0\u00bb20px\u00a0\u00bb header_2_font=\u00a0\u00bbAbel||||||||\u00a0\u00bb header_2_text_align=\u00a0\u00bbleft\u00a0\u00bb header_2_text_color=\u00a0\u00bb#444444&Prime; header_2_font_size=\u00a0\u00bb21px\u00a0\u00bb header_3_font=\u00a0\u00bbAbel||||||||\u00a0\u00bb header_3_text_align=\u00a0\u00bbleft\u00a0\u00bb header_3_text_color=\u00a0\u00bb#444444&Prime; header_3_font_size=\u00a0\u00bb17px\u00a0\u00bb background_size=\u00a0\u00bbinitial\u00a0\u00bb background_position=\u00a0\u00bbtop_left\u00a0\u00bb background_repeat=\u00a0\u00bbrepeat\u00a0\u00bb text_orientation=\u00a0\u00bbjustified\u00a0\u00bb custom_margin=\u00a0\u00bb5px||8px||false|false\u00a0\u00bb custom_padding=\u00a0\u00bb|50px||50px|false|false\u00a0\u00bb global_colors_info=\u00a0\u00bb{}\u00a0\u00bb]<\/p>\n<h1 class=\"p1\"><span class=\"s1\"><b>Marika Rizzi<\/b><\/span><\/h1>\n<p class=\"p1\">est n\u00e9e \u00e0 Milan, Italie et r\u00e9side \u00e0 Paris depuis 1992.<\/p>\n<p>Form\u00e9e d\u2019abord \u00e0 la danse classique, elle suivra par la suite l\u2019enseignement de Robert Jos\u00e9 Pomper (Batsheva Danse Compagnie) en danse moderne. En 1991 elle passe du temps \u00e0 New York ou elle se familiarise \u00e0 la technique de Martha Graham ainsi que \u00e0 celle de Horton et fr\u00e9quente les ateliers chor\u00e9graphiques de la compagnie Paul Taylor.<\/p>\n<p>R\u00e9sidant \u00e0 Paris depuis 1992, elle approfondie la technique contemporaine et s\u2019oriente vers les pratiques de composition instantan\u00e9e et de contact improvisation. Dans son parcours de recherche elle rencontre l\u2019enseignement de Kirstie Simson avec qui elle a perform\u00e9 \u00e0 plusieurs reprises, Steve Paxton \u00e0 l&rsquo;occasion de la fabrication du DVD \u00abMaterial for the Spine\u00bb, Nancy Starck Smith et Mike Vargas, Lisa Nelson dans son travail avec la vid\u00e9o et dans la pratique du Tuning Score, Simone Forti, Deborah Hay, Julyen Hamilton, Andrew Morrish, Vera Orlock (BMC).<\/p>\n<p>[\/et_pb_text][et_pb_divider color=\u00a0\u00bb#c4c2c2&Prime; divider_position=\u00a0\u00bbcenter\u00a0\u00bb _builder_version=\u00a0\u00bb4.16&Prime; _module_preset=\u00a0\u00bbdefault\u00a0\u00bb global_colors_info=\u00a0\u00bb{}\u00a0\u00bb][\/et_pb_divider][et_pb_text admin_label=\u00a0\u00bbACTIVIT\u00c9 \u00a0\u00bb _builder_version=\u00a0\u00bb4.16&Prime; text_font=\u00a0\u00bbAbel||||||||\u00a0\u00bb header_font=\u00a0\u00bbAbel|700||on|||||\u00a0\u00bb header_text_align=\u00a0\u00bbleft\u00a0\u00bb header_text_color=\u00a0\u00bb#444444&Prime; header_font_size=\u00a0\u00bb20px\u00a0\u00bb header_2_font=\u00a0\u00bbAbel||||||||\u00a0\u00bb header_2_text_align=\u00a0\u00bbleft\u00a0\u00bb header_2_text_color=\u00a0\u00bb#444444&Prime; header_2_font_size=\u00a0\u00bb21px\u00a0\u00bb header_3_font=\u00a0\u00bbAbel||||||||\u00a0\u00bb header_3_text_align=\u00a0\u00bbleft\u00a0\u00bb header_3_text_color=\u00a0\u00bb#444444&Prime; header_3_font_size=\u00a0\u00bb17px\u00a0\u00bb background_size=\u00a0\u00bbinitial\u00a0\u00bb background_position=\u00a0\u00bbtop_left\u00a0\u00bb background_repeat=\u00a0\u00bbrepeat\u00a0\u00bb text_orientation=\u00a0\u00bbjustified\u00a0\u00bb custom_margin=\u00a0\u00bb5px||8px||false|false\u00a0\u00bb custom_padding=\u00a0\u00bb|50px||50px|false|false\u00a0\u00bb global_colors_info=\u00a0\u00bb{}\u00a0\u00bb]<\/p>\n<h1 class=\"p1\"><b>ACTIVIT\u00c9S CHOR\u00c9GRAPHIQUES<\/b><\/h1>\n<p>Membre de la cie Felix Ruckert &#8211; Berlin- entre 1995 et 2005, elle participe aux cr\u00e9ations et aux tourn\u00e9es de: \u00abHautnah\u00bb \u2013 solo pour un seul spectateur: Berlin \u201995, Bruxelles \u201996, Montr\u00e9al \u201999 &#8211; \u00abKrapplack\u00bb \u201998, \u00abProjet Chor\u00e9graphique\u00bb \u201999, \u00abRing\u00bb \u201999, \u00abDeluxe Joy Pilote\u00bb 2000; \u00abSecret Service\u00bb 2001.<\/p>\n<p>En 2003 elle co-fonde le collectif NAPOLI 11 au sein du quel elle intervient avec des projets personnels, artistiques et p\u00e9dagogiques dans la ville de Naples pendant quelques ann\u00e9es.<\/p>\n<p>En Juillet 2006 elle est invit\u00e9e par Kirstie Simson \u00e0 participer \u00e0 une rencontre r\u00e9unissant des danseurs impliqu\u00e9s dans l\u2019improvisation et dans la danse contact dans le but de questionner cette forme de repr\u00e9sentation et la place qu\u2019elle occupe (ou pas) dans l\u2019univers du spectacle vivant. Cette rencontre, a \u00e9t\u00e9 film\u00e9e et a fait l\u2019objet d\u2019un film sur l\u2019improvisation et le contact.<\/p>\n<p>De 2004 \u00e0 2008 elle co-organise la mise en place du projet de l\u2019\u00abUnderscore\u00bb, pratique de danse contact de Nancy Starck Smith, soutenu par le C.N.D. de Pantin.<\/p>\n<p>En 2007\/08 elle rejoint la cie Odile Duboc (CCN Franche Comt\u00e9 &#8211; Belfort) dans les tourn\u00e9es de \u00abRien ne laisse pr\u00e9sager de l&rsquo;\u00e9tat de l&rsquo;eau\u00bb.<\/p>\n<p>En Juin 2010 et Novembre 2011 elle est invit\u00e9e par Simon Ellis \u00e0 intervenir \u00e0 l&rsquo;universit\u00e9 Roehampton de Londres. Ensemble ils cr\u00e9ent le duo \u00abDesire Lines\u00bb s\u00e9lectionn\u00e9 \u00e0 Londres \u00e0 The Place Prize.<\/p>\n<p>En 2011 elle rencontre Deborah Hay qui l&rsquo;invite \u00e0 participer au projet de transmission de solo SPCP (Solo Performance Commissionning Project). Elle fera partie de la derni\u00e8re session du project en 2012 t\u00e9moign\u00e9e dans le film documentaire \u00ab\u00a0 Turn Your F^*ing Head\u00a0 \u00bb et elle pr\u00e9sente son adaptation du solo \u00abDynamic &#8211; Measuring Silence\u00bb en 2013.<\/p>\n<p>En Mars 2013 elle est invit\u00e9e par le D\u00e9partement d&rsquo;Ing\u00e9nierie M\u00e9canique de l&rsquo;Universit\u00e9 de Urbana- Illinois pour d\u00e9velopper un projet de recherche au croisement de la science et de la danse, en collaboration avec Kirstie Simson et Simon Ellis de l&rsquo;Universit\u00e9 de Coventry, Londres.<\/p>\n<p>Entre 2014 et 2015 elle a collabor\u00e9 avec Laurent Goldring sur le projet \u00abCesser d\u2019\u00eatre un\u00bb, dispositif chor\u00e9graphique soutenu par la DRAC IDF, Minist\u00e8re de la Culture. Le projet a \u00e9t\u00e9 pr\u00e9sent\u00e9 \u00e0 June Events en 2016.<\/p>\n<p>Depuis Septembre 2019 elle est accueillie au Centre d\u2019Art Contemporain Les Moulins de Paillard dans le cadre d\u2019une R\u00e9sidence Territoriale dans les Pays de la Loire. L&rsquo;accueil en r\u00e9sidence durera trois ann\u00e9es. Elle y proposera \u00ab\u00a0 Les Permanences d&rsquo;Artiste\u00a0 \u00bb tous les derniers dimanche du mois dans une de salles d&rsquo;exposition. \u00ab\u00a0 Soli d&rsquo;Air\u00a0 \u00bb, projet avec les habitant des communes limitrophes. \u00ab\u00a0 Entre le Chien et l&rsquo;Anarchie\u00a0 \u00bb, festival de pratiques d&rsquo;improvisation et de composition instantan\u00e9e.<\/p>\n<p>En France elle a aussi collabor\u00e9 avec les chor\u00e9graphes\u00a0: Blanca Li, Martine Harmel, Guillaume Marie, Vidal Bini, Valeria Apicella, Eva Klimackova. Elle entretient une pratique de l&rsquo;improvisation et du Tuning Score de L. Nelson avec diff\u00e9rents groupes de recherche.<\/p>\n<p>Elle enseigne r\u00e9guli\u00e8rement \u00e0 Paris (M\u00e9nagerie de Verre, Micadanses, Canaldanse, CN D).<\/p>\n<p>En 2016 elle intervient au sein de la formation D.U. de Paris 8 \u00abTechniques du corps et monde du soin\u00bb. En 2019 (pr\u00e9vu \u00e9galement en 2020) elle intervient dans un projet d\u2019enseignement des habilite\u0301s relationnelles aupre\u0300s d\u2019e\u0301tudiants de l\u2019Institut de formation en soins infirmiers (IFSI) de l\u2019ho\u0302pital Henri MONDOR. En partenariat avec La Briqueterie CDCN du Val de Marne et le Centre de la Formation et du De\u0301veloppement des Compe\u0301tences (CFDC) de l&rsquo; Assistance Publique \u2013 Ho\u0302pitaux de Paris (AP-HP).<\/p>\n<p>Elle est intervenue plusieurs fois dans le milieu scolaire au sein du programme p\u00e9dagogique des Rencontres Chor\u00e9graphiques Internationales de Seine-Saint-Denis et dans celui du Man\u00e8ge de Reims. Elle a \u00e9galement d\u00e9velopp\u00e9 des projets avec des publics fragiles, notamment avec des jeunes non-valides (termes employ\u00e9 par les parents des jeunes).<br \/> En 2015 elle est assistante du chor\u00e9graphe italien Virgilio Sieni pour son projet \u00ab\u00a0 Madri e Figli \u2013 Padri e Figli\u00a0 \u00bb pr\u00e9sent\u00e9 au festival des Rencontres Chor\u00e9graphiques Internationales de Seine-Saint-Denis.<\/p>\n<p>[\/et_pb_text][et_pb_divider color=\u00a0\u00bb#c4c2c2&Prime; divider_position=\u00a0\u00bbcenter\u00a0\u00bb _builder_version=\u00a0\u00bb4.16&Prime; _module_preset=\u00a0\u00bbdefault\u00a0\u00bb global_colors_info=\u00a0\u00bb{}\u00a0\u00bb][\/et_pb_divider][et_pb_text admin_label=\u00a0\u00bbPROJETS\u00a0\u00bb _builder_version=\u00a0\u00bb4.23.1&Prime; text_font=\u00a0\u00bbAbel||||||||\u00a0\u00bb header_font=\u00a0\u00bbAbel|700||on|||||\u00a0\u00bb header_text_align=\u00a0\u00bbleft\u00a0\u00bb header_text_color=\u00a0\u00bb#444444&Prime; header_font_size=\u00a0\u00bb20px\u00a0\u00bb header_2_font=\u00a0\u00bbAbel||||||||\u00a0\u00bb header_2_text_align=\u00a0\u00bbleft\u00a0\u00bb header_2_text_color=\u00a0\u00bb#444444&Prime; header_2_font_size=\u00a0\u00bb21px\u00a0\u00bb header_3_font=\u00a0\u00bbAbel||||||||\u00a0\u00bb header_3_text_align=\u00a0\u00bbleft\u00a0\u00bb header_3_text_color=\u00a0\u00bb#444444&Prime; header_3_font_size=\u00a0\u00bb17px\u00a0\u00bb background_size=\u00a0\u00bbinitial\u00a0\u00bb background_position=\u00a0\u00bbtop_left\u00a0\u00bb background_repeat=\u00a0\u00bbrepeat\u00a0\u00bb text_orientation=\u00a0\u00bbjustified\u00a0\u00bb custom_margin=\u00a0\u00bb5px||8px||false|false\u00a0\u00bb custom_padding=\u00a0\u00bb|50px||50px|false|false\u00a0\u00bb hover_enabled=\u00a0\u00bb0&Prime; global_colors_info=\u00a0\u00bb{}\u00a0\u00bb sticky_enabled=\u00a0\u00bb0&Prime;]<\/p>\n<h1 class=\"p1\"><b>PROJETS<\/b><\/h1>\n<p class=\"p1\">Quello che si \u00e9. 2004 \u2013 Objet d. 2005 \u2013 3Avril58. 2006 \u2013 Workaholic, dedicated to be. 2008 \u2013 Les Pas d\u2019Avant. 2009 \u2013 Soli d\u2019Air. 2010 \u2013 J\u2019ai trouv\u00e9 la verticale par mes sinus \u2013 \u00c9lodie. 2011 \u2013 \u00ab\u00a0DYNAMIC\u00a0\u00bb Measuring Silence. 2013 &#8211; Cesser d\u2019\u00eatre un. 2014 et 2015 co-cr\u00e9e avec le plasticien L. Goldring. Ce dispositif chor\u00e9graphique a \u00e9t\u00e9 soutenu par la Drac IDF. &#8211; Se r\u00e9soudre dans le vide. 2021, soutenu par la Drac Pays de la Loire. Pratiquer l&rsquo;Inconnu-Inventer le Pr\u00e9sent (PI-IP) 2022\/23 (en cours).<\/p>\n<p>[\/et_pb_text][et_pb_divider color=\u00a0\u00bb#c4c2c2&Prime; divider_position=\u00a0\u00bbcenter\u00a0\u00bb _builder_version=\u00a0\u00bb4.16&Prime; _module_preset=\u00a0\u00bbdefault\u00a0\u00bb global_colors_info=\u00a0\u00bb{}\u00a0\u00bb][\/et_pb_divider][et_pb_text admin_label=\u00a0\u00bbFILM TH\u00a0\u00bb _builder_version=\u00a0\u00bb4.16&Prime; text_font=\u00a0\u00bbAbel||||||||\u00a0\u00bb header_font=\u00a0\u00bbAbel|700||on|||||\u00a0\u00bb header_text_align=\u00a0\u00bbleft\u00a0\u00bb header_text_color=\u00a0\u00bb#444444&Prime; header_font_size=\u00a0\u00bb20px\u00a0\u00bb header_2_font=\u00a0\u00bbAbel||||||||\u00a0\u00bb header_2_text_align=\u00a0\u00bbleft\u00a0\u00bb header_2_text_color=\u00a0\u00bb#444444&Prime; header_2_font_size=\u00a0\u00bb21px\u00a0\u00bb header_3_font=\u00a0\u00bbAbel||||||||\u00a0\u00bb header_3_text_align=\u00a0\u00bbleft\u00a0\u00bb header_3_text_color=\u00a0\u00bb#444444&Prime; header_3_font_size=\u00a0\u00bb17px\u00a0\u00bb background_size=\u00a0\u00bbinitial\u00a0\u00bb background_position=\u00a0\u00bbtop_left\u00a0\u00bb background_repeat=\u00a0\u00bbrepeat\u00a0\u00bb text_orientation=\u00a0\u00bbjustified\u00a0\u00bb custom_margin=\u00a0\u00bb5px||8px||false|false\u00a0\u00bb custom_padding=\u00a0\u00bb|50px||50px|false|false\u00a0\u00bb global_colors_info=\u00a0\u00bb{}\u00a0\u00bb]<\/p>\n<h1 class=\"p1\"><b>FILM et TH\u00c9\u00c2TRE<\/b><\/h1>\n<p>En Novembre 2018 elle a tourn\u00e9 dans le dernier long m\u00e9trage de Damien Manivel \u00ab\u00a0Les enfants d&rsquo;Isadora\u00a0\u00bb autour du solo \u00ab\u00a0La M\u00e8re\u00a0\u00bb d&rsquo;Isadora Duncan. Le film a \u00e9t\u00e9 prim\u00e9 au festival de Locarno 2019 avec le Pardo de la meilleure mise-en-sc\u00e8ne, et au festival de Murcia, Espagne, avec le prix du meilleur long-m\u00e9trage.<br \/>\nElle participe aux courts m\u00e9trages\u00a0: \u00abC\u2019est Merveilleux\u00bb 2000 et \u00abIl faut aimer son prochain, les autres sont trop loin\u00bb 2006, \u00abSi c&rsquo;est une \u00eele c&rsquo;est la Sicile\u00bb 2015, d\u2019Arnold Pasquier. \u00abSeafood\u00bb 2004 de Frank Richard.<br \/>\nDans des projets de th\u00e9\u00e2tre avec Arnold Pasquier \u00abC&rsquo;est merveilleux\u00bb, avec Clyde Chabot \u00abHamlet machine\u00bb et avec Sergio Longobardi \u00abDemande d&rsquo;asile\u00a0\u00bb.[\/et_pb_text][et_pb_divider color=\u00a0\u00bb#c4c2c2&Prime; divider_position=\u00a0\u00bbcenter\u00a0\u00bb _builder_version=\u00a0\u00bb4.16&Prime; _module_preset=\u00a0\u00bbdefault\u00a0\u00bb global_colors_info=\u00a0\u00bb{}\u00a0\u00bb][\/et_pb_divider][et_pb_text admin_label=\u00a0\u00bbETUDE DE DANSE\u00a0\u00bb _builder_version=\u00a0\u00bb4.16&Prime; text_font=\u00a0\u00bbAbel||||||||\u00a0\u00bb header_font=\u00a0\u00bbAbel|700||on|||||\u00a0\u00bb header_text_align=\u00a0\u00bbleft\u00a0\u00bb header_text_color=\u00a0\u00bb#444444&Prime; header_font_size=\u00a0\u00bb20px\u00a0\u00bb header_2_font=\u00a0\u00bbAbel||||||||\u00a0\u00bb header_2_text_align=\u00a0\u00bbleft\u00a0\u00bb header_2_text_color=\u00a0\u00bb#444444&Prime; header_2_font_size=\u00a0\u00bb21px\u00a0\u00bb header_3_font=\u00a0\u00bbAbel||||||||\u00a0\u00bb header_3_text_align=\u00a0\u00bbleft\u00a0\u00bb header_3_text_color=\u00a0\u00bb#444444&Prime; header_3_font_size=\u00a0\u00bb17px\u00a0\u00bb background_size=\u00a0\u00bbinitial\u00a0\u00bb background_position=\u00a0\u00bbtop_left\u00a0\u00bb background_repeat=\u00a0\u00bbrepeat\u00a0\u00bb text_orientation=\u00a0\u00bbjustified\u00a0\u00bb custom_margin=\u00a0\u00bb5px||8px||false|false\u00a0\u00bb custom_padding=\u00a0\u00bb|50px||50px|false|false\u00a0\u00bb global_colors_info=\u00a0\u00bb{}\u00a0\u00bb]<\/p>\n<h1 class=\"p1\"><b>\u00c9TUDES EN DANSE<\/b><\/h1>\n<p class=\"p1\">En 2013\/14 elle a suivi la formation D.U. \u00e0 Paris 8 \u00ab Techniques du corps et monde du soin \u00bb, sous la direction d\u2019Isabelle Ginot. En 2017 elle obtient le dipl\u00f4me du niveau Master 2 au d\u00e9partement de danse de Paris 8, sa recherche intitul\u00e9e <em>Sentir le Dire \u2013 Dire le Sentir<\/em> se penchait sur les pratiques dans\u00e9es de Kirstie Simson et de Deborah Hay \u00e0 la lumi\u00e8re de leur terminologie. Le travail sous la direction d\u2019Isabelle Ginot et Myrto Katsiki, a re\u00e7u la mention \u00ab\u00a0tr\u00e8s bien\u00a0\u00bb.<\/p>\n<p>[\/et_pb_text][et_pb_toggle title=\u00a0\u00bbRECENSIONS ET ENTRETIENS  MA CULTURE\u00a0\u00bb open_toggle_text_color=\u00a0\u00bb#444444&Prime; open_toggle_background_color=\u00a0\u00bb#ffffff\u00a0\u00bb closed_toggle_text_color=\u00a0\u00bb#ffffff\u00a0\u00bb closed_toggle_background_color=\u00a0\u00bb#7c7c7c\u00a0\u00bb icon_color=\u00a0\u00bb#ffffff\u00a0\u00bb use_icon_font_size=\u00a0\u00bbon\u00a0\u00bb icon_font_size=\u00a0\u00bb12px\u00a0\u00bb open_icon_color=\u00a0\u00bb#ffffff\u00a0\u00bb open_use_icon_font_size=\u00a0\u00bbon\u00a0\u00bb open_icon_font_size=\u00a0\u00bb12px\u00a0\u00bb disabled_on=\u00a0\u00bbon|on|on\u00a0\u00bb _builder_version=\u00a0\u00bb4.16&Prime; _module_preset=\u00a0\u00bbdefault\u00a0\u00bb title_text_color=\u00a0\u00bb#444444&Prime; title_font=\u00a0\u00bbAbel|||on|||||\u00a0\u00bb title_text_align=\u00a0\u00bbleft\u00a0\u00bb title_font_size=\u00a0\u00bb20px\u00a0\u00bb closed_title_text_align=\u00a0\u00bbleft\u00a0\u00bb body_font=\u00a0\u00bbAbel||||||||\u00a0\u00bb body_text_align=\u00a0\u00bbleft\u00a0\u00bb body_text_color=\u00a0\u00bb#444444&Prime; body_font_size=\u00a0\u00bb14px\u00a0\u00bb body_line_height=\u00a0\u00bb1.2em\u00a0\u00bb text_orientation=\u00a0\u00bbleft\u00a0\u00bb custom_margin=\u00a0\u00bb||||false|false\u00a0\u00bb custom_padding=\u00a0\u00bb|50px||50px|false|false\u00a0\u00bb link_option_url=\u00a0\u00bbhttps:\/\/www.maculture.fr\/critiques\/angelica-liddell-scarlet-letter\/    https:\/\/www.maculture.fr\/critiques\/jerome-bel-isadora-duncan\/\u00a0\u00bb border_width_all=\u00a0\u00bb0px\u00a0\u00bb disabled=\u00a0\u00bbon\u00a0\u00bb locked=\u00a0\u00bboff\u00a0\u00bb global_colors_info=\u00a0\u00bb{}\u00a0\u00bb]<\/p>\n<blockquote class=\"wp-embedded-content\" data-secret=\"B2mQZjfm7w\"><p><a href=\"https:\/\/www.maculture.fr\/entretiens\/if-only-thomas-hauert\/\">If Only, Thomas Hauert<\/a><\/p><\/blockquote>\n<p><iframe loading=\"lazy\" class=\"wp-embedded-content\" sandbox=\"allow-scripts\" security=\"restricted\" style=\"position: absolute; clip: rect(1px, 1px, 1px, 1px);\" title=\"&#8220;If Only, Thomas Hauert&#8221; &#8212; MA CULTURE\" src=\"https:\/\/www.maculture.fr\/entretiens\/if-only-thomas-hauert\/embed\/#?secret=B2mQZjfm7w\" data-secret=\"B2mQZjfm7w\" width=\"600\" height=\"338\" frameborder=\"0\" marginwidth=\"0\" marginheight=\"0\" scrolling=\"no\"><\/iframe><\/p>\n<blockquote class=\"wp-embedded-content\" data-secret=\"f9mOU0vjNd\"><p><a href=\"https:\/\/www.maculture.fr\/entretiens\/catherine-gaudet\/\">Catherine Gaudet, L&rsquo;affadissement du merveilleux<\/a><\/p><\/blockquote>\n<p><iframe loading=\"lazy\" class=\"wp-embedded-content\" sandbox=\"allow-scripts\" security=\"restricted\" style=\"position: absolute; clip: rect(1px, 1px, 1px, 1px);\" title=\"&#8220;Catherine Gaudet, L&rsquo;affadissement du merveilleux&#8221; &#8212; MA CULTURE\" src=\"https:\/\/www.maculture.fr\/entretiens\/catherine-gaudet\/embed\/#?secret=f9mOU0vjNd\" data-secret=\"f9mOU0vjNd\" width=\"600\" height=\"338\" frameborder=\"0\" marginwidth=\"0\" marginheight=\"0\" scrolling=\"no\"><\/iframe><\/p>\n<blockquote class=\"wp-embedded-content\" data-secret=\"uIZ6vwOPoG\"><p><a href=\"https:\/\/www.maculture.fr\/entretiens\/sylvain-riejou-cliche\/\">Sylvain Ri\u00e9jou, Mieux vaut partir d\u2019un clich\u00e9 que d\u2019y arriver<\/a><\/p><\/blockquote>\n<p><iframe loading=\"lazy\" class=\"wp-embedded-content\" sandbox=\"allow-scripts\" security=\"restricted\" style=\"position: absolute; clip: rect(1px, 1px, 1px, 1px);\" title=\"&#8220;Sylvain Ri\u00e9jou, Mieux vaut partir d\u2019un clich\u00e9 que d\u2019y arriver&#8221; &#8212; MA CULTURE\" src=\"https:\/\/www.maculture.fr\/entretiens\/sylvain-riejou-cliche\/embed\/#?secret=uIZ6vwOPoG\" data-secret=\"uIZ6vwOPoG\" width=\"600\" height=\"338\" frameborder=\"0\" marginwidth=\"0\" marginheight=\"0\" scrolling=\"no\"><\/iframe><\/p>\n<blockquote class=\"wp-embedded-content\" data-secret=\"GgWfruREGj\"><p><a href=\"https:\/\/www.maculture.fr\/critiques\/nora-chipaumire-punk-100pop-ngga\/\">Nora Chipaumire, #PUNK, 100%POP &#038; *N!GGA<\/a><\/p><\/blockquote>\n<p><iframe loading=\"lazy\" class=\"wp-embedded-content\" sandbox=\"allow-scripts\" security=\"restricted\" style=\"position: absolute; clip: rect(1px, 1px, 1px, 1px);\" title=\"&#8220;Nora Chipaumire, #PUNK, 100%POP &#038; *N!GGA&#8221; &#8212; MA CULTURE\" src=\"https:\/\/www.maculture.fr\/critiques\/nora-chipaumire-punk-100pop-ngga\/embed\/#?secret=GgWfruREGj\" data-secret=\"GgWfruREGj\" width=\"600\" height=\"338\" frameborder=\"0\" marginwidth=\"0\" marginheight=\"0\" scrolling=\"no\"><\/iframe><\/p>\n<blockquote class=\"wp-embedded-content\" data-secret=\"WftGDIDubx\"><p><a href=\"https:\/\/www.maculture.fr\/critiques\/jerome-bel-isadora-duncan\/\">J\u00e9r\u00f4me Bel, Isadora Duncan<\/a><\/p><\/blockquote>\n<p><iframe loading=\"lazy\" class=\"wp-embedded-content\" sandbox=\"allow-scripts\" security=\"restricted\" style=\"position: absolute; clip: rect(1px, 1px, 1px, 1px);\" title=\"&#8220;J\u00e9r\u00f4me Bel, Isadora Duncan&#8221; &#8212; MA CULTURE\" src=\"https:\/\/www.maculture.fr\/critiques\/jerome-bel-isadora-duncan\/embed\/#?secret=WftGDIDubx\" data-secret=\"WftGDIDubx\" width=\"600\" height=\"338\" frameborder=\"0\" marginwidth=\"0\" marginheight=\"0\" scrolling=\"no\"><\/iframe><\/p>\n<blockquote class=\"wp-embedded-content\" data-secret=\"UfWAPHSTIF\"><p><a href=\"https:\/\/www.maculture.fr\/critiques\/dance-on-ensemble-cnd\/\">Dance On Ensemble, Un rem\u00e8de \u00e0 la paralysie<\/a><\/p><\/blockquote>\n<p><iframe loading=\"lazy\" class=\"wp-embedded-content\" sandbox=\"allow-scripts\" security=\"restricted\" style=\"position: absolute; clip: rect(1px, 1px, 1px, 1px);\" title=\"&#8220;Dance On Ensemble, Un rem\u00e8de \u00e0 la paralysie&#8221; &#8212; MA CULTURE\" src=\"https:\/\/www.maculture.fr\/critiques\/dance-on-ensemble-cnd\/embed\/#?secret=UfWAPHSTIF\" data-secret=\"UfWAPHSTIF\" width=\"600\" height=\"338\" frameborder=\"0\" marginwidth=\"0\" marginheight=\"0\" scrolling=\"no\"><\/iframe><\/p>\n<blockquote class=\"wp-embedded-content\" data-secret=\"ZTt0ZMazHi\"><p><a href=\"https:\/\/www.maculture.fr\/critiques\/quoi-maintenant-tg-stan\/\">Quoi\/Maintenant, tg STAN<\/a><\/p><\/blockquote>\n<p><iframe loading=\"lazy\" class=\"wp-embedded-content\" sandbox=\"allow-scripts\" security=\"restricted\" style=\"position: absolute; clip: rect(1px, 1px, 1px, 1px);\" title=\"&#8220;Quoi\/Maintenant, tg STAN&#8221; &#8212; MA CULTURE\" src=\"https:\/\/www.maculture.fr\/critiques\/quoi-maintenant-tg-stan\/embed\/#?secret=ZTt0ZMazHi\" data-secret=\"ZTt0ZMazHi\" width=\"600\" height=\"338\" frameborder=\"0\" marginwidth=\"0\" marginheight=\"0\" scrolling=\"no\"><\/iframe><\/p>\n<blockquote class=\"wp-embedded-content\" data-secret=\"2QbQWYmO5S\"><p><a href=\"https:\/\/www.maculture.fr\/critiques\/hot-bodies-stand-up\/\">Hot Bodies &#8211; Stand Up, G\u00e9rald Kurdian &#038; Trk_x<\/a><\/p><\/blockquote>\n<p><iframe loading=\"lazy\" class=\"wp-embedded-content\" sandbox=\"allow-scripts\" security=\"restricted\" style=\"position: absolute; clip: rect(1px, 1px, 1px, 1px);\" title=\"&#8220;Hot Bodies &#8211; Stand Up, G\u00e9rald Kurdian &#038; Trk_x&#8221; &#8212; MA CULTURE\" src=\"https:\/\/www.maculture.fr\/critiques\/hot-bodies-stand-up\/embed\/#?secret=2QbQWYmO5S\" data-secret=\"2QbQWYmO5S\" width=\"600\" height=\"338\" frameborder=\"0\" marginwidth=\"0\" marginheight=\"0\" scrolling=\"no\"><\/iframe><\/p>\n<blockquote class=\"wp-embedded-content\" data-secret=\"pfCxrpsgUR\"><p><a href=\"https:\/\/www.maculture.fr\/critiques\/maps-santoro-godard\/\">Chor\u00e9graphier le cortex : Maps de Liz Santoro &#038; Pierre Godard<\/a><\/p><\/blockquote>\n<p><iframe loading=\"lazy\" class=\"wp-embedded-content\" sandbox=\"allow-scripts\" security=\"restricted\" style=\"position: absolute; clip: rect(1px, 1px, 1px, 1px);\" title=\"&#8220;Chor\u00e9graphier le cortex : Maps de Liz Santoro &#038; Pierre Godard&#8221; &#8212; MA CULTURE\" src=\"https:\/\/www.maculture.fr\/critiques\/maps-santoro-godard\/embed\/#?secret=pfCxrpsgUR\" data-secret=\"pfCxrpsgUR\" width=\"600\" height=\"338\" frameborder=\"0\" marginwidth=\"0\" marginheight=\"0\" scrolling=\"no\"><\/iframe><\/p>\n<blockquote class=\"wp-embedded-content\" data-secret=\"oMHyhGbNDA\"><p><a href=\"https:\/\/www.maculture.fr\/critiques\/maintenant-capdevielle\/\">\u00c0 nous deux maintenant, Jonathan Capdevielle<\/a><\/p><\/blockquote>\n<p><iframe loading=\"lazy\" class=\"wp-embedded-content\" sandbox=\"allow-scripts\" security=\"restricted\" style=\"position: absolute; clip: rect(1px, 1px, 1px, 1px);\" title=\"&#8220;\u00c0 nous deux maintenant, Jonathan Capdevielle&#8221; &#8212; MA CULTURE\" src=\"https:\/\/www.maculture.fr\/critiques\/maintenant-capdevielle\/embed\/#?secret=oMHyhGbNDA\" data-secret=\"oMHyhGbNDA\" width=\"600\" height=\"338\" frameborder=\"0\" marginwidth=\"0\" marginheight=\"0\" scrolling=\"no\"><\/iframe><\/p>\n<p>[\/et_pb_toggle][et_pb_divider color=\u00a0\u00bb#c4c2c2&Prime; divider_position=\u00a0\u00bbcenter\u00a0\u00bb _builder_version=\u00a0\u00bb4.16&Prime; _module_preset=\u00a0\u00bbdefault\u00a0\u00bb global_colors_info=\u00a0\u00bb{}\u00a0\u00bb][\/et_pb_divider][et_pb_text admin_label=\u00a0\u00bbCOLLOQUES\u00a0\u00bb _builder_version=\u00a0\u00bb4.16&Prime; text_font=\u00a0\u00bbAbel||||||||\u00a0\u00bb header_font=\u00a0\u00bbAbel|700||on|||||\u00a0\u00bb header_text_align=\u00a0\u00bbleft\u00a0\u00bb header_text_color=\u00a0\u00bb#444444&Prime; header_font_size=\u00a0\u00bb20px\u00a0\u00bb header_2_font=\u00a0\u00bbAbel||||||||\u00a0\u00bb header_2_text_align=\u00a0\u00bbleft\u00a0\u00bb header_2_text_color=\u00a0\u00bb#444444&Prime; header_2_font_size=\u00a0\u00bb21px\u00a0\u00bb header_3_font=\u00a0\u00bbAbel||||||||\u00a0\u00bb header_3_text_align=\u00a0\u00bbleft\u00a0\u00bb header_3_text_color=\u00a0\u00bb#444444&Prime; header_3_font_size=\u00a0\u00bb17px\u00a0\u00bb background_size=\u00a0\u00bbinitial\u00a0\u00bb background_position=\u00a0\u00bbtop_left\u00a0\u00bb background_repeat=\u00a0\u00bbrepeat\u00a0\u00bb text_orientation=\u00a0\u00bbjustified\u00a0\u00bb custom_margin=\u00a0\u00bb5px||8px||false|false\u00a0\u00bb custom_padding=\u00a0\u00bb|50px||50px|false|false\u00a0\u00bb global_colors_info=\u00a0\u00bb{}\u00a0\u00bb]<\/p>\n<h1 class=\"p1\"><b>COLLOQUES<\/b><\/h1>\n<p class=\"p1\">\u00ab Rizhomes \u00bb au CIRRAS (Centre International de R\u00e9flexion et de Recherche sur les Arts du Spectacle) Paris 2018.<\/p>\n<p class=\"p1\">\u00ab\u00a0Mettre en mot, mettre en signe l\u2019exp\u00e9rience dans\u00e9e\u00a0\u00bb Universit\u00e9 de Nice, 2018.<\/p>\n<p class=\"p1\">\u00ab\u00a0You come, we\u2019ll show you what we do\u00a0\u00bb, Rome 2018.<\/p>\n<p class=\"p1\">\u00ab\u00a0L\u2018exercice en art\u00a0\u00bb Universit\u00e9 de Lille, 2019.<\/p>\n<p>[\/et_pb_text][et_pb_divider color=\u00a0\u00bb#c4c2c2&Prime; divider_position=\u00a0\u00bbcenter\u00a0\u00bb _builder_version=\u00a0\u00bb4.16&Prime; _module_preset=\u00a0\u00bbdefault\u00a0\u00bb global_colors_info=\u00a0\u00bb{}\u00a0\u00bb][\/et_pb_divider][et_pb_text admin_label=\u00a0\u00bbARTICLES\u00a0\u00bb _builder_version=\u00a0\u00bb4.17.4&Prime; text_font=\u00a0\u00bbAbel||||||||\u00a0\u00bb header_font=\u00a0\u00bbAbel|700||on|||||\u00a0\u00bb header_text_align=\u00a0\u00bbleft\u00a0\u00bb header_text_color=\u00a0\u00bb#444444&Prime; header_font_size=\u00a0\u00bb20px\u00a0\u00bb header_2_font=\u00a0\u00bbAbel||||||||\u00a0\u00bb header_2_text_align=\u00a0\u00bbleft\u00a0\u00bb header_2_text_color=\u00a0\u00bb#444444&Prime; header_2_font_size=\u00a0\u00bb21px\u00a0\u00bb header_3_font=\u00a0\u00bbAbel||||||||\u00a0\u00bb header_3_text_align=\u00a0\u00bbleft\u00a0\u00bb header_3_text_color=\u00a0\u00bb#444444&Prime; header_3_font_size=\u00a0\u00bb17px\u00a0\u00bb background_size=\u00a0\u00bbinitial\u00a0\u00bb background_position=\u00a0\u00bbtop_left\u00a0\u00bb background_repeat=\u00a0\u00bbrepeat\u00a0\u00bb text_orientation=\u00a0\u00bbjustified\u00a0\u00bb custom_margin=\u00a0\u00bb5px||8px||false|false\u00a0\u00bb custom_padding=\u00a0\u00bb|50px||50px|false|false\u00a0\u00bb global_colors_info=\u00a0\u00bb{}\u00a0\u00bb]<\/p>\n<h1 class=\"p1\"><b>ARTICLES<\/b><\/h1>\n<p class=\"p1\">Depuis l\u2019automne 2017 elle \u00e9crit des recensions pour le site Ma Culture. Elle a publi\u00e9 dans la revue Funambule de d\u00e9partement de danse de Paris 8, dans la revue en ligne de l\u2019association des Chercheurs en Danse (aCD) ainsi que dans le journal de l\u2019association pour la danse contemporaine (ADC) de Gen\u00e8ve. En<span class=\"Apple-converted-space\">\u00a0 <\/span>2020 elle a men\u00e9 des entretiens avec des artistes destin\u00e9s aux feuilles de salles pour les festivals Ardanth\u00e9 et June Events, ainsi que pour le festival Trajectoires de Nantes (par le biais de Ma Culture).<\/p>\n<p class=\"p1\">En suivant sa curiosit\u00e9 et son profond<span class=\"Apple-converted-space\">\u00a0 <\/span>int\u00e9r\u00eat pour le mouvement, sa relation \u00e0 la danse s\u2019exprime aujourd\u2019hui de fa\u00e7ons diff\u00e9rentes. Celle-ci s\u2019est d\u00e9velopp\u00e9e en arborescence et touche aux diverses sph\u00e8res en lien avec le geste. Elle d\u00e9fend la notion de \u00ab\u00a0recherche en mouvement\u00a0\u00bb sur laquelle son travail chor\u00e9graphique se fonde\u00a0: partir de la pratique pour laisser \u00e9merger des mati\u00e8res corporelles et rejoindre la th\u00e9orie \u00e0 partir des savoirs sp\u00e9cifiques au geste et \u00e0 la danse. Le travail d\u2019\u00e9criture du m\u00e9moire pour le Master 2 a modifi\u00e9 sa relation au geste et au mouvement dont elle exp\u00e9rimente et interroge d\u00e9sormais une certaine forme d\u2019\u00aboralit\u00e9\u00bb.<\/p>\n<p>[\/et_pb_text][et_pb_toggle title=\u00a0\u00bbRECENSIONS ET ENTRETIENS  MA CULTURE\u00a0\u00bb open_toggle_text_color=\u00a0\u00bb#444444&Prime; open_toggle_background_color=\u00a0\u00bb#ffffff\u00a0\u00bb closed_toggle_text_color=\u00a0\u00bb#ffffff\u00a0\u00bb closed_toggle_background_color=\u00a0\u00bb#7c7c7c\u00a0\u00bb icon_color=\u00a0\u00bb#ffffff\u00a0\u00bb use_icon_font_size=\u00a0\u00bbon\u00a0\u00bb icon_font_size=\u00a0\u00bb12px\u00a0\u00bb open_icon_color=\u00a0\u00bb#ffffff\u00a0\u00bb open_use_icon_font_size=\u00a0\u00bbon\u00a0\u00bb open_icon_font_size=\u00a0\u00bb12px\u00a0\u00bb disabled_on=\u00a0\u00bboff|off|off\u00a0\u00bb _builder_version=\u00a0\u00bb4.19.4&Prime; _module_preset=\u00a0\u00bbdefault\u00a0\u00bb title_text_color=\u00a0\u00bb#444444&Prime; title_font=\u00a0\u00bbAbel|||on|||||\u00a0\u00bb title_text_align=\u00a0\u00bbleft\u00a0\u00bb title_font_size=\u00a0\u00bb20px\u00a0\u00bb closed_title_text_align=\u00a0\u00bbleft\u00a0\u00bb body_font=\u00a0\u00bbAbel||||||||\u00a0\u00bb body_text_align=\u00a0\u00bbleft\u00a0\u00bb body_text_color=\u00a0\u00bb#444444&Prime; body_font_size=\u00a0\u00bb14px\u00a0\u00bb body_line_height=\u00a0\u00bb1.2em\u00a0\u00bb text_orientation=\u00a0\u00bbleft\u00a0\u00bb custom_margin=\u00a0\u00bb||||false|false\u00a0\u00bb custom_padding=\u00a0\u00bb|50px||50px|false|false\u00a0\u00bb link_option_url=\u00a0\u00bbhttps:\/\/www.maculture.fr\/critiques\/angelica-liddell-scarlet-letter\/    https:\/\/www.maculture.fr\/critiques\/jerome-bel-isadora-duncan\/\u00a0\u00bb border_width_all=\u00a0\u00bb0px\u00a0\u00bb locked=\u00a0\u00bboff\u00a0\u00bb global_colors_info=\u00a0\u00bb{}\u00a0\u00bb]<\/p>\n<p>&nbsp;<\/p>\n<blockquote class=\"wp-embedded-content\" data-secret=\"RrUQBXEqTJ\"><p><a href=\"https:\/\/www.maculture.fr\/entretiens\/devenir-crocodile\/\">Danya Hammoud, Devenir Crocodile<\/a><\/p><\/blockquote>\n<p><iframe loading=\"lazy\" class=\"wp-embedded-content\" sandbox=\"allow-scripts\" security=\"restricted\" style=\"position: absolute; clip: rect(1px, 1px, 1px, 1px);\" title=\"&#8220;Danya Hammoud, Devenir Crocodile&#8221; &#8212; MA CULTURE\" src=\"https:\/\/www.maculture.fr\/entretiens\/devenir-crocodile\/embed\/#?secret=RrUQBXEqTJ\" data-secret=\"RrUQBXEqTJ\" width=\"600\" height=\"338\" frameborder=\"0\" marginwidth=\"0\" marginheight=\"0\" scrolling=\"no\"><\/iframe><\/p>\n<blockquote class=\"wp-embedded-content\" data-secret=\"v7X3FlNYEf\"><p><a href=\"https:\/\/www.maculture.fr\/entretiens\/kabinet-k-promise-me\/\">Kabinet K, promise me<\/a><\/p><\/blockquote>\n<p><iframe loading=\"lazy\" class=\"wp-embedded-content\" sandbox=\"allow-scripts\" security=\"restricted\" style=\"position: absolute; clip: rect(1px, 1px, 1px, 1px);\" title=\"&#8220;Kabinet K, promise me&#8221; &#8212; MA CULTURE\" src=\"https:\/\/www.maculture.fr\/entretiens\/kabinet-k-promise-me\/embed\/#?secret=v7X3FlNYEf\" data-secret=\"v7X3FlNYEf\" width=\"600\" height=\"338\" frameborder=\"0\" marginwidth=\"0\" marginheight=\"0\" scrolling=\"no\"><\/iframe><\/p>\n<blockquote class=\"wp-embedded-content\" data-secret=\"8WlUlYrMAf\"><p><a href=\"https:\/\/www.maculture.fr\/entretiens\/dehors-est-blanc\/\">Angela Rabaglio &#038; Mica\u00ebl Florentz, Dehors est blanc<\/a><\/p><\/blockquote>\n<p><iframe loading=\"lazy\" class=\"wp-embedded-content\" sandbox=\"allow-scripts\" security=\"restricted\" style=\"position: absolute; clip: rect(1px, 1px, 1px, 1px);\" title=\"&#8220;Angela Rabaglio &#038; Mica\u00ebl Florentz, Dehors est blanc&#8221; &#8212; MA CULTURE\" src=\"https:\/\/www.maculture.fr\/entretiens\/dehors-est-blanc\/embed\/#?secret=8WlUlYrMAf\" data-secret=\"8WlUlYrMAf\" width=\"600\" height=\"338\" frameborder=\"0\" marginwidth=\"0\" marginheight=\"0\" scrolling=\"no\"><\/iframe><\/p>\n<blockquote class=\"wp-embedded-content\" data-secret=\"ccS21iNCRM\"><p><a href=\"https:\/\/www.maculture.fr\/entretiens\/nina-vallon-lapin-reine\/\">Nina Vallon, Le Lapin et la Reine<\/a><\/p><\/blockquote>\n<p><iframe loading=\"lazy\" class=\"wp-embedded-content\" sandbox=\"allow-scripts\" security=\"restricted\" style=\"position: absolute; clip: rect(1px, 1px, 1px, 1px);\" title=\"&#8220;Nina Vallon, Le Lapin et la Reine&#8221; &#8212; MA CULTURE\" src=\"https:\/\/www.maculture.fr\/entretiens\/nina-vallon-lapin-reine\/embed\/#?secret=ccS21iNCRM\" data-secret=\"ccS21iNCRM\" width=\"600\" height=\"338\" frameborder=\"0\" marginwidth=\"0\" marginheight=\"0\" scrolling=\"no\"><\/iframe><\/p>\n<blockquote class=\"wp-embedded-content\" data-secret=\"8YnEyEiGmz\"><p><a href=\"https:\/\/www.maculture.fr\/entretiens\/lancelin-persona\/\">Anne-Sophie Lancelin, Persona<\/a><\/p><\/blockquote>\n<p><iframe loading=\"lazy\" class=\"wp-embedded-content\" sandbox=\"allow-scripts\" security=\"restricted\" style=\"position: absolute; clip: rect(1px, 1px, 1px, 1px);\" title=\"&#8220;Anne-Sophie Lancelin, Persona&#8221; &#8212; MA CULTURE\" src=\"https:\/\/www.maculture.fr\/entretiens\/lancelin-persona\/embed\/#?secret=8YnEyEiGmz\" data-secret=\"8YnEyEiGmz\" width=\"600\" height=\"338\" frameborder=\"0\" marginwidth=\"0\" marginheight=\"0\" scrolling=\"no\"><\/iframe><\/p>\n<blockquote class=\"wp-embedded-content\" data-secret=\"5RkVU0Ebav\"><p><a href=\"https:\/\/www.maculture.fr\/critiques\/pontvianne-percut\/\">Pierre Pontvianne, Percut<\/a><\/p><\/blockquote>\n<p><iframe loading=\"lazy\" class=\"wp-embedded-content\" sandbox=\"allow-scripts\" security=\"restricted\" style=\"position: absolute; clip: rect(1px, 1px, 1px, 1px);\" title=\"&#8220;Pierre Pontvianne, Percut&#8221; &#8212; MA CULTURE\" src=\"https:\/\/www.maculture.fr\/critiques\/pontvianne-percut\/embed\/#?secret=5RkVU0Ebav\" data-secret=\"5RkVU0Ebav\" width=\"600\" height=\"338\" frameborder=\"0\" marginwidth=\"0\" marginheight=\"0\" scrolling=\"no\"><\/iframe><\/p>\n<blockquote class=\"wp-embedded-content\" data-secret=\"sEzCanagZZ\"><p><a href=\"https:\/\/www.maculture.fr\/entretiens\/phelippeau-francoise-alice\/\">Micka\u00ebl Phelippeau, De Fran\u00e7oise \u00e0 Alice<\/a><\/p><\/blockquote>\n<p><iframe loading=\"lazy\" class=\"wp-embedded-content\" sandbox=\"allow-scripts\" security=\"restricted\" style=\"position: absolute; clip: rect(1px, 1px, 1px, 1px);\" title=\"&#8220;Micka\u00ebl Phelippeau, De Fran\u00e7oise \u00e0 Alice&#8221; &#8212; MA CULTURE\" src=\"https:\/\/www.maculture.fr\/entretiens\/phelippeau-francoise-alice\/embed\/#?secret=sEzCanagZZ\" data-secret=\"sEzCanagZZ\" width=\"600\" height=\"338\" frameborder=\"0\" marginwidth=\"0\" marginheight=\"0\" scrolling=\"no\"><\/iframe><\/p>\n<blockquote class=\"wp-embedded-content\" data-secret=\"m5QR8jiAIO\"><p><a href=\"https:\/\/www.maculture.fr\/entretiens\/satchie-noro\/\">Satchie Noro \u00ab \u00catre au centre d&rsquo;un geste et trouver le point d&rsquo;\u00e9quilibre \u00bb<\/a><\/p><\/blockquote>\n<p><iframe loading=\"lazy\" class=\"wp-embedded-content\" sandbox=\"allow-scripts\" security=\"restricted\" style=\"position: absolute; clip: rect(1px, 1px, 1px, 1px);\" title=\"&#8220;Satchie Noro \u00ab \u00catre au centre d&rsquo;un geste et trouver le point d&rsquo;\u00e9quilibre \u00bb&#8221; &#8212; MA CULTURE\" src=\"https:\/\/www.maculture.fr\/entretiens\/satchie-noro\/embed\/#?secret=m5QR8jiAIO\" data-secret=\"m5QR8jiAIO\" width=\"600\" height=\"338\" frameborder=\"0\" marginwidth=\"0\" marginheight=\"0\" scrolling=\"no\"><\/iframe><\/p>\n<blockquote class=\"wp-embedded-content\" data-secret=\"RCmHzcGEKk\"><p><a href=\"https:\/\/www.maculture.fr\/entretiens\/pierre-pontvianne\/\">Pierre Pontvianne \u00ab La col\u00e8re est partout, pr\u00eate \u00e0 \u00e9clater \u00bb<\/a><\/p><\/blockquote>\n<p><iframe loading=\"lazy\" class=\"wp-embedded-content\" sandbox=\"allow-scripts\" security=\"restricted\" style=\"position: absolute; clip: rect(1px, 1px, 1px, 1px);\" title=\"&#8220;Pierre Pontvianne \u00ab La col\u00e8re est partout, pr\u00eate \u00e0 \u00e9clater \u00bb&#8221; &#8212; MA CULTURE\" src=\"https:\/\/www.maculture.fr\/entretiens\/pierre-pontvianne\/embed\/#?secret=RCmHzcGEKk\" data-secret=\"RCmHzcGEKk\" width=\"600\" height=\"338\" frameborder=\"0\" marginwidth=\"0\" marginheight=\"0\" scrolling=\"no\"><\/iframe><\/p>\n<blockquote class=\"wp-embedded-content\" data-secret=\"B2mQZjfm7w\"><p><a href=\"https:\/\/www.maculture.fr\/entretiens\/if-only-thomas-hauert\/\">If Only, Thomas Hauert<\/a><\/p><\/blockquote>\n<p><iframe loading=\"lazy\" class=\"wp-embedded-content\" sandbox=\"allow-scripts\" security=\"restricted\" style=\"position: absolute; clip: rect(1px, 1px, 1px, 1px);\" title=\"&#8220;If Only, Thomas Hauert&#8221; &#8212; MA CULTURE\" src=\"https:\/\/www.maculture.fr\/entretiens\/if-only-thomas-hauert\/embed\/#?secret=B2mQZjfm7w\" data-secret=\"B2mQZjfm7w\" width=\"600\" height=\"338\" frameborder=\"0\" marginwidth=\"0\" marginheight=\"0\" scrolling=\"no\"><\/iframe><\/p>\n<blockquote class=\"wp-embedded-content\" data-secret=\"f9mOU0vjNd\"><p><a href=\"https:\/\/www.maculture.fr\/entretiens\/catherine-gaudet\/\">Catherine Gaudet, L&rsquo;affadissement du merveilleux<\/a><\/p><\/blockquote>\n<p><iframe loading=\"lazy\" class=\"wp-embedded-content\" sandbox=\"allow-scripts\" security=\"restricted\" style=\"position: absolute; clip: rect(1px, 1px, 1px, 1px);\" title=\"&#8220;Catherine Gaudet, L&rsquo;affadissement du merveilleux&#8221; &#8212; MA CULTURE\" src=\"https:\/\/www.maculture.fr\/entretiens\/catherine-gaudet\/embed\/#?secret=f9mOU0vjNd\" data-secret=\"f9mOU0vjNd\" width=\"600\" height=\"338\" frameborder=\"0\" marginwidth=\"0\" marginheight=\"0\" scrolling=\"no\"><\/iframe><\/p>\n<blockquote class=\"wp-embedded-content\" data-secret=\"uIZ6vwOPoG\"><p><a href=\"https:\/\/www.maculture.fr\/entretiens\/sylvain-riejou-cliche\/\">Sylvain Ri\u00e9jou, Mieux vaut partir d\u2019un clich\u00e9 que d\u2019y arriver<\/a><\/p><\/blockquote>\n<p><iframe loading=\"lazy\" class=\"wp-embedded-content\" sandbox=\"allow-scripts\" security=\"restricted\" style=\"position: absolute; clip: rect(1px, 1px, 1px, 1px);\" title=\"&#8220;Sylvain Ri\u00e9jou, Mieux vaut partir d\u2019un clich\u00e9 que d\u2019y arriver&#8221; &#8212; MA CULTURE\" src=\"https:\/\/www.maculture.fr\/entretiens\/sylvain-riejou-cliche\/embed\/#?secret=uIZ6vwOPoG\" data-secret=\"uIZ6vwOPoG\" width=\"600\" height=\"338\" frameborder=\"0\" marginwidth=\"0\" marginheight=\"0\" scrolling=\"no\"><\/iframe><\/p>\n<blockquote class=\"wp-embedded-content\" data-secret=\"GgWfruREGj\"><p><a href=\"https:\/\/www.maculture.fr\/critiques\/nora-chipaumire-punk-100pop-ngga\/\">Nora Chipaumire, #PUNK, 100%POP &#038; *N!GGA<\/a><\/p><\/blockquote>\n<p><iframe loading=\"lazy\" class=\"wp-embedded-content\" sandbox=\"allow-scripts\" security=\"restricted\" style=\"position: absolute; clip: rect(1px, 1px, 1px, 1px);\" title=\"&#8220;Nora Chipaumire, #PUNK, 100%POP &#038; *N!GGA&#8221; &#8212; MA CULTURE\" src=\"https:\/\/www.maculture.fr\/critiques\/nora-chipaumire-punk-100pop-ngga\/embed\/#?secret=GgWfruREGj\" data-secret=\"GgWfruREGj\" width=\"600\" height=\"338\" frameborder=\"0\" marginwidth=\"0\" marginheight=\"0\" scrolling=\"no\"><\/iframe><\/p>\n<blockquote class=\"wp-embedded-content\" data-secret=\"WftGDIDubx\"><p><a href=\"https:\/\/www.maculture.fr\/critiques\/jerome-bel-isadora-duncan\/\">J\u00e9r\u00f4me Bel, Isadora Duncan<\/a><\/p><\/blockquote>\n<p><iframe loading=\"lazy\" class=\"wp-embedded-content\" sandbox=\"allow-scripts\" security=\"restricted\" style=\"position: absolute; clip: rect(1px, 1px, 1px, 1px);\" title=\"&#8220;J\u00e9r\u00f4me Bel, Isadora Duncan&#8221; &#8212; MA CULTURE\" src=\"https:\/\/www.maculture.fr\/critiques\/jerome-bel-isadora-duncan\/embed\/#?secret=WftGDIDubx\" data-secret=\"WftGDIDubx\" width=\"600\" height=\"338\" frameborder=\"0\" marginwidth=\"0\" marginheight=\"0\" scrolling=\"no\"><\/iframe><\/p>\n<blockquote class=\"wp-embedded-content\" data-secret=\"UfWAPHSTIF\"><p><a href=\"https:\/\/www.maculture.fr\/critiques\/dance-on-ensemble-cnd\/\">Dance On Ensemble, Un rem\u00e8de \u00e0 la paralysie<\/a><\/p><\/blockquote>\n<p><iframe loading=\"lazy\" class=\"wp-embedded-content\" sandbox=\"allow-scripts\" security=\"restricted\" style=\"position: absolute; clip: rect(1px, 1px, 1px, 1px);\" title=\"&#8220;Dance On Ensemble, Un rem\u00e8de \u00e0 la paralysie&#8221; &#8212; MA CULTURE\" src=\"https:\/\/www.maculture.fr\/critiques\/dance-on-ensemble-cnd\/embed\/#?secret=UfWAPHSTIF\" data-secret=\"UfWAPHSTIF\" width=\"600\" height=\"338\" frameborder=\"0\" marginwidth=\"0\" marginheight=\"0\" scrolling=\"no\"><\/iframe><\/p>\n<blockquote class=\"wp-embedded-content\" data-secret=\"ZTt0ZMazHi\"><p><a href=\"https:\/\/www.maculture.fr\/critiques\/quoi-maintenant-tg-stan\/\">Quoi\/Maintenant, tg STAN<\/a><\/p><\/blockquote>\n<p><iframe loading=\"lazy\" class=\"wp-embedded-content\" sandbox=\"allow-scripts\" security=\"restricted\" style=\"position: absolute; clip: rect(1px, 1px, 1px, 1px);\" title=\"&#8220;Quoi\/Maintenant, tg STAN&#8221; &#8212; MA CULTURE\" src=\"https:\/\/www.maculture.fr\/critiques\/quoi-maintenant-tg-stan\/embed\/#?secret=ZTt0ZMazHi\" data-secret=\"ZTt0ZMazHi\" width=\"600\" height=\"338\" frameborder=\"0\" marginwidth=\"0\" marginheight=\"0\" scrolling=\"no\"><\/iframe><\/p>\n<blockquote class=\"wp-embedded-content\" data-secret=\"2QbQWYmO5S\"><p><a href=\"https:\/\/www.maculture.fr\/critiques\/hot-bodies-stand-up\/\">Hot Bodies &#8211; Stand Up, G\u00e9rald Kurdian &#038; Trk_x<\/a><\/p><\/blockquote>\n<p><iframe loading=\"lazy\" class=\"wp-embedded-content\" sandbox=\"allow-scripts\" security=\"restricted\" style=\"position: absolute; clip: rect(1px, 1px, 1px, 1px);\" title=\"&#8220;Hot Bodies &#8211; Stand Up, G\u00e9rald Kurdian &#038; Trk_x&#8221; &#8212; MA CULTURE\" src=\"https:\/\/www.maculture.fr\/critiques\/hot-bodies-stand-up\/embed\/#?secret=2QbQWYmO5S\" data-secret=\"2QbQWYmO5S\" width=\"600\" height=\"338\" frameborder=\"0\" marginwidth=\"0\" marginheight=\"0\" scrolling=\"no\"><\/iframe><\/p>\n<blockquote class=\"wp-embedded-content\" data-secret=\"oMHyhGbNDA\"><p><a href=\"https:\/\/www.maculture.fr\/critiques\/maintenant-capdevielle\/\">\u00c0 nous deux maintenant, Jonathan Capdevielle<\/a><\/p><\/blockquote>\n<p><iframe loading=\"lazy\" class=\"wp-embedded-content\" sandbox=\"allow-scripts\" security=\"restricted\" style=\"position: absolute; clip: rect(1px, 1px, 1px, 1px);\" title=\"&#8220;\u00c0 nous deux maintenant, Jonathan Capdevielle&#8221; &#8212; MA CULTURE\" src=\"https:\/\/www.maculture.fr\/critiques\/maintenant-capdevielle\/embed\/#?secret=oMHyhGbNDA\" data-secret=\"oMHyhGbNDA\" width=\"600\" height=\"338\" frameborder=\"0\" marginwidth=\"0\" marginheight=\"0\" scrolling=\"no\"><\/iframe><\/p>\n<blockquote class=\"wp-embedded-content\" data-secret=\"pfCxrpsgUR\"><p><a href=\"https:\/\/www.maculture.fr\/critiques\/maps-santoro-godard\/\">Chor\u00e9graphier le cortex : Maps de Liz Santoro &#038; Pierre Godard<\/a><\/p><\/blockquote>\n<p><iframe loading=\"lazy\" class=\"wp-embedded-content\" sandbox=\"allow-scripts\" security=\"restricted\" style=\"position: absolute; clip: rect(1px, 1px, 1px, 1px);\" title=\"&#8220;Chor\u00e9graphier le cortex : Maps de Liz Santoro &#038; Pierre Godard&#8221; &#8212; MA CULTURE\" src=\"https:\/\/www.maculture.fr\/critiques\/maps-santoro-godard\/embed\/#?secret=pfCxrpsgUR\" data-secret=\"pfCxrpsgUR\" width=\"600\" height=\"338\" frameborder=\"0\" marginwidth=\"0\" marginheight=\"0\" scrolling=\"no\"><\/iframe><\/p>\n<p>&nbsp;<\/p>\n<p>[\/et_pb_toggle][et_pb_toggle title=\u00a0\u00bbENTRETIENS  aCD et ADC Gen\u00e8ve \u00a0\u00bb open_toggle_text_color=\u00a0\u00bb#444444&Prime; open_toggle_background_color=\u00a0\u00bb#ffffff\u00a0\u00bb closed_toggle_text_color=\u00a0\u00bb#ffffff\u00a0\u00bb closed_toggle_background_color=\u00a0\u00bb#7c7c7c\u00a0\u00bb icon_color=\u00a0\u00bb#ffffff\u00a0\u00bb use_icon_font_size=\u00a0\u00bbon\u00a0\u00bb icon_font_size=\u00a0\u00bb12px\u00a0\u00bb open_icon_color=\u00a0\u00bb#ffffff\u00a0\u00bb open_use_icon_font_size=\u00a0\u00bbon\u00a0\u00bb open_icon_font_size=\u00a0\u00bb12px\u00a0\u00bb disabled_on=\u00a0\u00bboff|off|off\u00a0\u00bb admin_label=\u00a0\u00bbBascule\u00a0\u00bb _builder_version=\u00a0\u00bb4.16&Prime; _module_preset=\u00a0\u00bbdefault\u00a0\u00bb title_text_color=\u00a0\u00bb#444444&Prime; title_font=\u00a0\u00bbAbel|||on|||||\u00a0\u00bb title_text_align=\u00a0\u00bbleft\u00a0\u00bb title_font_size=\u00a0\u00bb20px\u00a0\u00bb closed_title_text_align=\u00a0\u00bbleft\u00a0\u00bb body_font=\u00a0\u00bbAbel||||||||\u00a0\u00bb body_text_align=\u00a0\u00bbleft\u00a0\u00bb body_text_color=\u00a0\u00bb#444444&Prime; body_font_size=\u00a0\u00bb14px\u00a0\u00bb body_line_height=\u00a0\u00bb1.2em\u00a0\u00bb text_orientation=\u00a0\u00bbleft\u00a0\u00bb custom_margin=\u00a0\u00bb||||false|false\u00a0\u00bb custom_padding=\u00a0\u00bb|50px||50px|false|false\u00a0\u00bb link_option_url=\u00a0\u00bbhttps:\/\/www.maculture.fr\/critiques\/angelica-liddell-scarlet-letter\/    https:\/\/www.maculture.fr\/critiques\/jerome-bel-isadora-duncan\/\u00a0\u00bb border_width_all=\u00a0\u00bb0px\u00a0\u00bb locked=\u00a0\u00bboff\u00a0\u00bb global_colors_info=\u00a0\u00bb{}\u00a0\u00bb]<\/p>\n<p>Journal de l&rsquo;association des chercheurs en danse #7 : M\u00e9moires de l&rsquo;oeuvre en danse<br \/>La M\u00e9moire face \u00e0 l&rsquo;absence de l&rsquo;oeuvre<br \/>Entretien avec Bruno Danjoux, St\u00e9phanie Ganachaud et Fran\u00e7oise Rognerud autour de l\u2019oeuvre d\u2019Odile Duboc.<br \/>https:\/\/journals.openedition.org\/danse\/2768<\/p>\n<p>&nbsp;<\/p>\n<p>Journal de l\u2019association pour la danse contemporaine # 77 : Art, \u00c9cologie et Transition<br \/>Je suis pr\u00eat \u00e0 renoncer \u00e0 tout !<br \/>Entretien avec J\u00e9r\u00f4me Bel (P.18)<br \/>https:\/\/pavillon-adc.ch\/wp-content\/uploads\/2019\/12\/JADC_77_2019_DoublePages.pdf<\/p>\n<p>&nbsp;<\/p>\n<p>[\/et_pb_toggle][et_pb_divider color=\u00a0\u00bb#c4c2c2&Prime; divider_position=\u00a0\u00bbcenter\u00a0\u00bb _builder_version=\u00a0\u00bb4.16&Prime; _module_preset=\u00a0\u00bbdefault\u00a0\u00bb global_colors_info=\u00a0\u00bb{}\u00a0\u00bb][\/et_pb_divider][et_pb_text admin_label=\u00a0\u00bbAUTRES\u00a0\u00bb _builder_version=\u00a0\u00bb4.16&Prime; text_font=\u00a0\u00bbAbel||||||||\u00a0\u00bb header_font=\u00a0\u00bbAbel|700||on|||||\u00a0\u00bb header_text_align=\u00a0\u00bbleft\u00a0\u00bb header_text_color=\u00a0\u00bb#444444&Prime; header_font_size=\u00a0\u00bb20px\u00a0\u00bb header_2_font=\u00a0\u00bbAbel||||||||\u00a0\u00bb header_2_text_align=\u00a0\u00bbleft\u00a0\u00bb header_2_text_color=\u00a0\u00bb#444444&Prime; header_2_font_size=\u00a0\u00bb21px\u00a0\u00bb header_3_font=\u00a0\u00bbAbel||||||||\u00a0\u00bb header_3_text_align=\u00a0\u00bbleft\u00a0\u00bb header_3_text_color=\u00a0\u00bb#444444&Prime; header_3_font_size=\u00a0\u00bb17px\u00a0\u00bb background_size=\u00a0\u00bbinitial\u00a0\u00bb background_position=\u00a0\u00bbtop_left\u00a0\u00bb background_repeat=\u00a0\u00bbrepeat\u00a0\u00bb text_orientation=\u00a0\u00bbjustified\u00a0\u00bb custom_margin=\u00a0\u00bb5px||8px||false|false\u00a0\u00bb custom_padding=\u00a0\u00bb|50px||50px|false|false\u00a0\u00bb global_colors_info=\u00a0\u00bb{}\u00a0\u00bb]<\/p>\n<h1 class=\"p1\"><b>AUTRES ACTIVIT\u00c9S<\/b><\/h1>\n<p>Praticienne de Shiatsu selon l&rsquo;enseignement de Ma\u00eetre Tukuda \u2013 technique \u00e9nerg\u00e9tique Japonaise \u2013 depuis &rsquo;99, elle est form\u00e9e \u00e9galement \u00e0 la pharmacop\u00e9e chinoise.<br \/>\nEn Mars 2019 elle intervient dans le centre hospitalier St. Paul d&rsquo;Addis Ababa, \u00c9thiopie, en transmettant des gestes de Shiatsu visant \u00e0 soulager les douleurs lors de l&rsquo;accouchement. Dans le m\u00eame cadre elle est intervenue \u00e9galement dans le d\u00e9partement de p\u00e9diatrie et aupr\u00e8s des b\u00e9b\u00e9s qui \u00e9taient hospitalis\u00e9s. <\/p>\n<p>[\/et_pb_text][\/et_pb_column][et_pb_column type=\u00a0\u00bb1_4&Prime; _builder_version=\u00a0\u00bb4.16&Prime; custom_padding=\u00a0\u00bb|||\u00a0\u00bb global_colors_info=\u00a0\u00bb{}\u00a0\u00bb custom_padding__hover=\u00a0\u00bb|||\u00a0\u00bb][\/et_pb_column][\/et_pb_row][\/et_pb_section]<\/p>\n","protected":false},"excerpt":{"rendered":"<p>PARCOURSUne biographie raconte des choses de fa\u00e7on organis\u00e9e, dans un ordre lin\u00e9aire et factuel, or, le terme \u00ab\u00a0factuel\u00a0\u00bb me fait r\u00e9agir instantan\u00e9ment, bailler plus exactement. Quelque chose chez moi r\u00e9siste \u00e0 la mise \u00e0 plat de l&rsquo;exp\u00e9rience, \u00e0 voire d\u00e9filer le v\u00e9cu comme s&rsquo;il s&rsquo;agissait d&rsquo;une liste de courses. Puis j\u2019ai du mal avec les [&hellip;]<\/p>\n","protected":false},"author":1,"featured_media":0,"parent":0,"menu_order":0,"comment_status":"closed","ping_status":"open","template":"","meta":{"_et_pb_use_builder":"on","_et_pb_old_content":"<!-- wp:paragraph -->\r\n<p>Ceci est une page d\u2019exemple. C\u2019est diff\u00e9rent d\u2019un article de blog parce qu\u2019elle restera au m\u00eame endroit et appara\u00eetra dans la navigation de votre site (dans la plupart des th\u00e8mes). La plupart des gens commencent par une page \u00ab\u00a0\u00c0 propos\u00a0\u00bb qui les pr\u00e9sente aux visiteurs du site. Cela pourrait ressembler \u00e0 quelque chose comme cela\u00a0:<\/p>\r\n<!-- \/wp:paragraph -->\r\n\r\n<!-- wp:quote -->\r\n<blockquote class=\"wp-block-quote\"><p>Bonjour\u00a0! Je suis un m\u00e9canicien qui aspire \u00e0 devenir acteur, et voici mon site. J\u2019habite \u00e0 Bordeaux, j\u2019ai un super chien baptis\u00e9 Russell, et j\u2019aime la vodka-ananas (ainsi qu\u2019\u00eatre surpris par la pluie soudaine lors de longues balades sur la plage au coucher du soleil).<\/p><\/blockquote>\r\n<!-- \/wp:quote -->\r\n\r\n<!-- wp:paragraph -->\r\n<p>... ou quelque chose comme cela\u00a0:<\/p>\r\n<!-- \/wp:paragraph -->\r\n\r\n<!-- wp:quote -->\r\n<blockquote class=\"wp-block-quote\"><p>La soci\u00e9t\u00e9 123 Machin Truc a \u00e9t\u00e9 cr\u00e9\u00e9e en 1971, et n\u2019a cess\u00e9 de proposer au public des machins-trucs de qualit\u00e9 depuis lors. Situ\u00e9e \u00e0 Saint-Remy-en-Bouzemont-Saint-Genest-et-Isson, 123 Machin Truc emploie 2 000 personnes, et fabrique toutes sortes de bidules super pour la communaut\u00e9 bouzemontoise.<\/p><\/blockquote>\r\n<!-- \/wp:quote -->\r\n\r\n<!-- wp:paragraph -->\r\n<p>En tant que nouvel\u00b7le utilisateur ou utilisatrice de WordPress, vous devriez vous rendre sur <a href=\"http:\/\/marika-rizzi.com\/wp-admin\/\">votre tableau de bord<\/a> pour supprimer cette page et cr\u00e9er de nouvelles pages pour votre contenu. Amusez-vous bien\u00a0!<\/p>\r\n<!-- \/wp:paragraph -->","_et_gb_content_width":"","footnotes":""},"class_list":["post-217","page","type-page","status-publish","hentry"],"yoast_head":"<!-- This site is optimized with the Yoast SEO plugin v25.1 - https:\/\/yoast.com\/wordpress\/plugins\/seo\/ -->\n<title>PARCOURS - MARIKA RIZZI<\/title>\n<meta name=\"robots\" content=\"index, follow, max-snippet:-1, max-image-preview:large, max-video-preview:-1\" \/>\n<link rel=\"canonical\" href=\"https:\/\/marika-rizzi.com\/index.php\/parcours\/\" \/>\n<meta property=\"og:locale\" content=\"fr_FR\" \/>\n<meta property=\"og:type\" content=\"article\" \/>\n<meta property=\"og:title\" content=\"PARCOURS - MARIKA RIZZI\" \/>\n<meta property=\"og:description\" content=\"PARCOURSUne biographie raconte des choses de fa\u00e7on organis\u00e9e, dans un ordre lin\u00e9aire et factuel, or, le terme &quot;factuel&quot; me fait r\u00e9agir instantan\u00e9ment, bailler plus exactement. Quelque chose chez moi r\u00e9siste \u00e0 la mise \u00e0 plat de l&#039;exp\u00e9rience, \u00e0 voire d\u00e9filer le v\u00e9cu comme s&#039;il s&#039;agissait d&#039;une liste de courses. Puis j\u2019ai du mal avec les [&hellip;]\" \/>\n<meta property=\"og:url\" content=\"https:\/\/marika-rizzi.com\/index.php\/parcours\/\" \/>\n<meta property=\"og:site_name\" content=\"MARIKA RIZZI\" \/>\n<meta property=\"article:modified_time\" content=\"2023-11-19T16:11:25+00:00\" \/>\n<meta name=\"twitter:card\" content=\"summary_large_image\" \/>\n<meta name=\"twitter:label1\" content=\"Dur\u00e9e de lecture estim\u00e9e\" \/>\n\t<meta name=\"twitter:data1\" content=\"14 minutes\" \/>\n<script type=\"application\/ld+json\" class=\"yoast-schema-graph\">{\"@context\":\"https:\/\/schema.org\",\"@graph\":[{\"@type\":\"WebPage\",\"@id\":\"https:\/\/marika-rizzi.com\/index.php\/parcours\/\",\"url\":\"https:\/\/marika-rizzi.com\/index.php\/parcours\/\",\"name\":\"PARCOURS - MARIKA RIZZI\",\"isPartOf\":{\"@id\":\"https:\/\/marika-rizzi.com\/#website\"},\"datePublished\":\"2020-09-06T18:58:34+00:00\",\"dateModified\":\"2023-11-19T16:11:25+00:00\",\"breadcrumb\":{\"@id\":\"https:\/\/marika-rizzi.com\/index.php\/parcours\/#breadcrumb\"},\"inLanguage\":\"fr-FR\",\"potentialAction\":[{\"@type\":\"ReadAction\",\"target\":[\"https:\/\/marika-rizzi.com\/index.php\/parcours\/\"]}]},{\"@type\":\"BreadcrumbList\",\"@id\":\"https:\/\/marika-rizzi.com\/index.php\/parcours\/#breadcrumb\",\"itemListElement\":[{\"@type\":\"ListItem\",\"position\":1,\"name\":\"Accueil\",\"item\":\"https:\/\/marika-rizzi.com\/\"},{\"@type\":\"ListItem\",\"position\":2,\"name\":\"PARCOURS\"}]},{\"@type\":\"WebSite\",\"@id\":\"https:\/\/marika-rizzi.com\/#website\",\"url\":\"https:\/\/marika-rizzi.com\/\",\"name\":\"MARIKA RIZZI\",\"description\":\"ARTIST PERFORMER\",\"potentialAction\":[{\"@type\":\"SearchAction\",\"target\":{\"@type\":\"EntryPoint\",\"urlTemplate\":\"https:\/\/marika-rizzi.com\/?s={search_term_string}\"},\"query-input\":{\"@type\":\"PropertyValueSpecification\",\"valueRequired\":true,\"valueName\":\"search_term_string\"}}],\"inLanguage\":\"fr-FR\"}]}<\/script>\n<!-- \/ Yoast SEO plugin. -->","yoast_head_json":{"title":"PARCOURS - MARIKA RIZZI","robots":{"index":"index","follow":"follow","max-snippet":"max-snippet:-1","max-image-preview":"max-image-preview:large","max-video-preview":"max-video-preview:-1"},"canonical":"https:\/\/marika-rizzi.com\/index.php\/parcours\/","og_locale":"fr_FR","og_type":"article","og_title":"PARCOURS - MARIKA RIZZI","og_description":"PARCOURSUne biographie raconte des choses de fa\u00e7on organis\u00e9e, dans un ordre lin\u00e9aire et factuel, or, le terme \"factuel\" me fait r\u00e9agir instantan\u00e9ment, bailler plus exactement. Quelque chose chez moi r\u00e9siste \u00e0 la mise \u00e0 plat de l'exp\u00e9rience, \u00e0 voire d\u00e9filer le v\u00e9cu comme s'il s'agissait d'une liste de courses. Puis j\u2019ai du mal avec les [&hellip;]","og_url":"https:\/\/marika-rizzi.com\/index.php\/parcours\/","og_site_name":"MARIKA RIZZI","article_modified_time":"2023-11-19T16:11:25+00:00","twitter_card":"summary_large_image","twitter_misc":{"Dur\u00e9e de lecture estim\u00e9e":"14 minutes"},"schema":{"@context":"https:\/\/schema.org","@graph":[{"@type":"WebPage","@id":"https:\/\/marika-rizzi.com\/index.php\/parcours\/","url":"https:\/\/marika-rizzi.com\/index.php\/parcours\/","name":"PARCOURS - MARIKA RIZZI","isPartOf":{"@id":"https:\/\/marika-rizzi.com\/#website"},"datePublished":"2020-09-06T18:58:34+00:00","dateModified":"2023-11-19T16:11:25+00:00","breadcrumb":{"@id":"https:\/\/marika-rizzi.com\/index.php\/parcours\/#breadcrumb"},"inLanguage":"fr-FR","potentialAction":[{"@type":"ReadAction","target":["https:\/\/marika-rizzi.com\/index.php\/parcours\/"]}]},{"@type":"BreadcrumbList","@id":"https:\/\/marika-rizzi.com\/index.php\/parcours\/#breadcrumb","itemListElement":[{"@type":"ListItem","position":1,"name":"Accueil","item":"https:\/\/marika-rizzi.com\/"},{"@type":"ListItem","position":2,"name":"PARCOURS"}]},{"@type":"WebSite","@id":"https:\/\/marika-rizzi.com\/#website","url":"https:\/\/marika-rizzi.com\/","name":"MARIKA RIZZI","description":"ARTIST PERFORMER","potentialAction":[{"@type":"SearchAction","target":{"@type":"EntryPoint","urlTemplate":"https:\/\/marika-rizzi.com\/?s={search_term_string}"},"query-input":{"@type":"PropertyValueSpecification","valueRequired":true,"valueName":"search_term_string"}}],"inLanguage":"fr-FR"}]}},"_links":{"self":[{"href":"https:\/\/marika-rizzi.com\/index.php\/wp-json\/wp\/v2\/pages\/217","targetHints":{"allow":["GET"]}}],"collection":[{"href":"https:\/\/marika-rizzi.com\/index.php\/wp-json\/wp\/v2\/pages"}],"about":[{"href":"https:\/\/marika-rizzi.com\/index.php\/wp-json\/wp\/v2\/types\/page"}],"author":[{"embeddable":true,"href":"https:\/\/marika-rizzi.com\/index.php\/wp-json\/wp\/v2\/users\/1"}],"replies":[{"embeddable":true,"href":"https:\/\/marika-rizzi.com\/index.php\/wp-json\/wp\/v2\/comments?post=217"}],"version-history":[{"count":62,"href":"https:\/\/marika-rizzi.com\/index.php\/wp-json\/wp\/v2\/pages\/217\/revisions"}],"predecessor-version":[{"id":2225,"href":"https:\/\/marika-rizzi.com\/index.php\/wp-json\/wp\/v2\/pages\/217\/revisions\/2225"}],"wp:attachment":[{"href":"https:\/\/marika-rizzi.com\/index.php\/wp-json\/wp\/v2\/media?parent=217"}],"curies":[{"name":"wp","href":"https:\/\/api.w.org\/{rel}","templated":true}]}}